{"version":"1.0","provider_name":"ExPorTurk","provider_url":"http:\/\/www.exporturk.com","author_name":"admin","author_url":"http:\/\/www.exporturk.com\/index.php\/author\/admin\/","title":"Polisan Holding\u2019te bayrak de\u011fi\u015fimi - ExPorTurk","type":"rich","width":600,"height":338,"html":"<blockquote class=\"wp-embedded-content\" data-secret=\"FJmLGsLtZx\"><a href=\"http:\/\/www.exporturk.com\/index.php\/2019\/08\/02\/polisan-holdingte-bayrak-degisimi\/\">Polisan Holding\u2019te bayrak de\u011fi\u015fimi<\/a><\/blockquote><iframe sandbox=\"allow-scripts\" security=\"restricted\" src=\"http:\/\/www.exporturk.com\/index.php\/2019\/08\/02\/polisan-holdingte-bayrak-degisimi\/embed\/#?secret=FJmLGsLtZx\" width=\"600\" height=\"338\" title=\"&#8220;Polisan Holding\u2019te bayrak de\u011fi\u015fimi&#8221; &#8212; ExPorTurk\" data-secret=\"FJmLGsLtZx\" frameborder=\"0\" marginwidth=\"0\" marginheight=\"0\" scrolling=\"no\" class=\"wp-embedded-content\"><\/iframe><script type=\"text\/javascript\">\n\/* <![CDATA[ *\/\n\/*! This file is auto-generated *\/\n!function(d,l){\"use strict\";l.querySelector&&d.addEventListener&&\"undefined\"!=typeof URL&&(d.wp=d.wp||{},d.wp.receiveEmbedMessage||(d.wp.receiveEmbedMessage=function(e){var t=e.data;if((t||t.secret||t.message||t.value)&&!\/[^a-zA-Z0-9]\/.test(t.secret)){for(var s,r,n,a=l.querySelectorAll('iframe[data-secret=\"'+t.secret+'\"]'),o=l.querySelectorAll('blockquote[data-secret=\"'+t.secret+'\"]'),c=new RegExp(\"^https?:$\",\"i\"),i=0;i<o.length;i++)o[i].style.display=\"none\";for(i=0;i<a.length;i++)s=a[i],e.source===s.contentWindow&&(s.removeAttribute(\"style\"),\"height\"===t.message?(1e3<(r=parseInt(t.value,10))?r=1e3:~~r<200&&(r=200),s.height=r):\"link\"===t.message&&(r=new URL(s.getAttribute(\"src\")),n=new URL(t.value),c.test(n.protocol))&&n.host===r.host&&l.activeElement===s&&(d.top.location.href=t.value))}},d.addEventListener(\"message\",d.wp.receiveEmbedMessage,!1),l.addEventListener(\"DOMContentLoaded\",function(){for(var e,t,s=l.querySelectorAll(\"iframe.wp-embedded-content\"),r=0;r<s.length;r++)(t=(e=s[r]).getAttribute(\"data-secret\"))||(t=Math.random().toString(36).substring(2,12),e.src+=\"#?secret=\"+t,e.setAttribute(\"data-secret\",t)),e.contentWindow.postMessage({message:\"ready\",secret:t},\"*\")},!1)))}(window,document);\n\/* ]]> *\/\n<\/script>\n","thumbnail_url":"http:\/\/www.exporturk.com\/wp-content\/uploads\/2021\/03\/4008_1.jpg","thumbnail_width":250,"thumbnail_height":141,"description":"Polisan Holding Y\u00f6netim Kurulu, 31 Temmuz tarihinde yapt\u0131\u011f\u0131 toplant\u0131da Murat Y\u0131ld\u0131ran&#8217;\u0131n CEO ve Y\u00f6netim Kurulu \u00fcyesi olarak atanmas\u0131n\u0131 kararla\u015ft\u0131rd\u0131. Polisan Holding Y\u00f6netim Kurulu Ba\u015fkan\u0131 Mehmet Emin Bitlis yapt\u0131\u011f\u0131 a\u00e7\u0131klamada, Polisan Holding ve grup \u015firketlerinde operasyonlar\u0131n daha verimli y\u00fcr\u00fct\u00fclmesi, organizasyonun g\u00fc\u00e7lendirilmesi, yer al\u0131nan sekt\u00f6rlerde liderli\u011fin peki\u015ftirilmesi ve \u201cGelece\u011fin Polisan\u0131\u201dn\u0131n birlikte olu\u015fturulmas\u0131 hedefleriyle Y\u00f6netim Kurulu&#8217;nun, \u00fcst y\u00f6netimde &hellip;"}